{"id":112,"date":"2018-02-15T16:14:20","date_gmt":"2018-02-15T16:14:20","guid":{"rendered":"http:\/\/www.pelosnails.com\/?page_id=112"},"modified":"2025-01-19T11:43:29","modified_gmt":"2025-01-19T11:43:29","slug":"tratamientos","status":"publish","type":"page","link":"https:\/\/pelosnails.com\/index.php\/tratamientos\/","title":{"rendered":"Tratamientos"},"content":{"rendered":"\r\n<hr class=\"wp-block-separator has-alpha-channel-opacity wp_mar5\"\/>\r\n\r\n\r\n\r\n<p class=\"ex5 colormenutexcrem has-medium-font-size\" style=\"text-decoration:none\">Cauterizaci\u00f3n Capilar<\/p>\r\n\r\n\r\n\r\n<hr class=\"wp-block-separator has-alpha-channel-opacity wp_mar5\"\/>\r\n\r\n\r\n\r\n<div class=\"wp-block-columns are-vertically-aligned-top is-layout-flex wp-container-core-columns-is-layout-9d6595d7 wp-block-columns-is-layout-flex\">\r\n<div class=\"wp-block-column is-layout-flow wp-block-column-is-layout-flow\" style=\"flex-basis:55%\">\r\n<figure class=\"wp-block-gallery has-nested-images columns-default is-cropped wp-block-gallery-1 is-layout-flex wp-block-gallery-is-layout-flex\"><div class=\"wp-block-image\">\r\n<figure class=\"alignleft size-full\"><img loading=\"lazy\" decoding=\"async\" width=\"600\" height=\"407\" data-id=\"452\" src=\"https:\/\/pelosnails.com\/wp-content\/uploads\/2018\/03\/49b772351f3e0686e4b68736567d2057a36c0699.XL2_.jpg\" alt=\"Joven con cabello tratado mediante cauterizaci\u00f3n capilar, luciendo un peinado liso y brillante que resalta la salud y vitalidad de su melena. La imagen refleja resultados profesionales, con un acabado sedoso y libre de frizz, ideal para quienes buscan un cuidado capilar avanzado.\" class=\"wp-image-452\" srcset=\"https:\/\/pelosnails.com\/wp-content\/uploads\/2018\/03\/49b772351f3e0686e4b68736567d2057a36c0699.XL2_.jpg 600w, https:\/\/pelosnails.com\/wp-content\/uploads\/2018\/03\/49b772351f3e0686e4b68736567d2057a36c0699.XL2_-300x204.jpg 300w\" sizes=\"auto, (max-width: 600px) 100vw, 600px\" \/><\/figure><\/div>\r\n\r\n\r\n<figure class=\"wp-block-image size-full\"><img loading=\"lazy\" decoding=\"async\" width=\"326\" height=\"455\" data-id=\"201\" src=\"https:\/\/pelosnails.com\/wp-content\/uploads\/2018\/02\/tinta2.jpg\" alt=\"Joven con cabello tratado con cauterizaci\u00f3n capilar, mostrando un peinado impecable y mechas en tonos violeta vibrante. Su melena destaca por su brillo, suavidad y estilo moderno, reflejando un cuidado profesional y una coloraci\u00f3n audaz que realza su personalidad \u00fanica.\" class=\"wp-image-201\" srcset=\"https:\/\/pelosnails.com\/wp-content\/uploads\/2018\/02\/tinta2.jpg 326w, https:\/\/pelosnails.com\/wp-content\/uploads\/2018\/02\/tinta2-215x300.jpg 215w\" sizes=\"auto, (max-width: 326px) 100vw, 326px\" \/><\/figure>\r\n\r\n\r\n\r\n<figure class=\"wp-block-image size-full\"><img loading=\"lazy\" decoding=\"async\" width=\"400\" height=\"470\" data-id=\"265\" src=\"https:\/\/pelosnails.com\/wp-content\/uploads\/2018\/02\/bonita3.jpg\" alt=\"Mujer con media melena tratada con cauterizaci\u00f3n capilar, luciendo un peinado elegante que resalta la suavidad y el brillo de su cabello. La imagen transmite salud capilar y un acabado profesional, ideal para inspirar confianza en tratamientos avanzados de cuidado del cabello.\" class=\"wp-image-265\" srcset=\"https:\/\/pelosnails.com\/wp-content\/uploads\/2018\/02\/bonita3.jpg 400w, https:\/\/pelosnails.com\/wp-content\/uploads\/2018\/02\/bonita3-255x300.jpg 255w\" sizes=\"auto, (max-width: 400px) 100vw, 400px\" \/><\/figure>\r\n<\/figure>\r\n<\/div>\r\n\r\n\r\n\r\n<div class=\"wp-block-column is-layout-flow wp-block-column-is-layout-flow\" style=\"flex-basis:50%\">\r\n<p>Descubre la cauterizaci\u00f3n y dale a tu cabello el cuidado que se merece.<br>La cauterizaci\u00f3n molecular es el tratamiento ideal para devolver la vitalidad, la fuerza y el brillo a tu cabello. En una palabra: regeneraci\u00f3n. Este innovador procedimiento trabaja desde el interior, sellando las cut\u00edculas y reparando las fibras capilares da\u00f1adas. Su principal funci\u00f3n es recuperar la elasticidad del cabello, logrando una melena m\u00e1s saludable, manejable y resistente al desgaste diario.<\/p>\r\n\r\n\r\n\r\n<p>Es perfecta para quienes buscan revitalizar el cabello tras procesos qu\u00edmicos, exposici\u00f3n al calor o da\u00f1os ambientales. Con cada sesi\u00f3n, notar\u00e1s c\u00f3mo tu cabello recupera su suavidad, hidrataci\u00f3n y una apariencia deslumbrante.<\/p>\r\n\r\n\r\n\r\n<p>\u00a1Haz de la cauterizaci\u00f3n molecular tu aliado para lucir un cabello espectacular!<\/p>\r\n<\/div>\r\n<\/div>\r\n\r\n\r\n\r\n<hr class=\"wp-block-separator has-alpha-channel-opacity wp_mar5\"\/>\r\n\r\n\r\n\r\n<p class=\"ex5 colormenutexcrem has-medium-font-size\" style=\"text-decoration:none\">Pl\u00e1stica Capilar<\/p>\r\n\r\n\r\n\r\n<hr class=\"wp-block-separator has-alpha-channel-opacity wp_mar5\"\/>\r\n\r\n\r\n\r\n<div class=\"wp-block-columns is-layout-flex wp-container-core-columns-is-layout-9d6595d7 wp-block-columns-is-layout-flex\">\r\n<div class=\"wp-block-column is-layout-flow wp-block-column-is-layout-flow\" style=\"flex-basis:60%\">\r\n<p><span style=\"line-height: 1.679;\">La queratina y el col\u00e1geno, la soluci\u00f3n para definir el rizo y disminuir la rotura excesiva del cabello. la Pl\u00e1stica Capilar, con activos que reponen la queratina que ha sido perdida con el transcurso del tiempo, sellando las cut\u00edculas y reduciendo hasta el 30% del volumen.<\/span><\/p>\r\n\r\n\r\n\r\n<p><span style=\"line-height: 1.679;\">Su f\u00f3rmula restaura las puntas partidas, manteniendo el cabello alineado y definido sin la alteraci\u00f3n de la estructura natural del cabello. Los lisos quedan m\u00e1s lisos y los ondulados obtienen ondas perfectas.<\/span><\/p>\r\n<\/div>\r\n\r\n\r\n\r\n<div class=\"wp-block-column is-layout-flow wp-block-column-is-layout-flow\" style=\"flex-basis:40%\">\r\n<div class=\"wp-block-group\"><div class=\"wp-block-group__inner-container is-layout-constrained wp-block-group-is-layout-constrained\">\r\n<figure class=\"wp-block-gallery has-nested-images columns-default is-cropped wp-block-gallery-2 is-layout-flex wp-block-gallery-is-layout-flex\">\r\n<figure class=\"wp-block-image size-full\"><img loading=\"lazy\" decoding=\"async\" width=\"850\" height=\"567\" data-id=\"1206\" src=\"https:\/\/pelosnails.com\/wp-content\/uploads\/2025\/01\/PEINADO_N_850.jpg\" alt=\"Mujer con media melena tratada con pl\u00e1stica capilar, luciendo un peinado impecable que resalta la suavidad, el brillo y la disciplina de su cabello. La imagen refleja resultados profesionales, mostrando una melena saludable y cuidada con un acabado sedoso y sofisticado.\" class=\"wp-image-1206\" srcset=\"https:\/\/pelosnails.com\/wp-content\/uploads\/2025\/01\/PEINADO_N_850.jpg 850w, https:\/\/pelosnails.com\/wp-content\/uploads\/2025\/01\/PEINADO_N_850-300x200.jpg 300w, https:\/\/pelosnails.com\/wp-content\/uploads\/2025\/01\/PEINADO_N_850-768x512.jpg 768w, https:\/\/pelosnails.com\/wp-content\/uploads\/2025\/01\/PEINADO_N_850-380x254.jpg 380w\" sizes=\"auto, (max-width: 850px) 100vw, 850px\" \/><\/figure>\r\n<\/figure>\r\n\r\n\r\n\r\n<figure class=\"wp-block-gallery has-nested-images columns-default is-cropped wp-block-gallery-3 is-layout-flex wp-block-gallery-is-layout-flex\">\r\n<figure class=\"wp-block-image size-large\"><img loading=\"lazy\" decoding=\"async\" width=\"320\" height=\"200\" data-id=\"364\" src=\"https:\/\/pelosnails.com\/wp-content\/uploads\/2018\/02\/oferta.jpg\" alt=\"Joven con cabello de media melena tratado con pl\u00e1stica capilar, exhibiendo un peinado pulido que destaca por su brillo intenso y textura suave. La imagen transmite la efectividad del tratamiento en restaurar y nutrir el cabello, ofreciendo un look moderno y bien cuidado.\" class=\"wp-image-364\" srcset=\"https:\/\/pelosnails.com\/wp-content\/uploads\/2018\/02\/oferta.jpg 320w, https:\/\/pelosnails.com\/wp-content\/uploads\/2018\/02\/oferta-300x188.jpg 300w\" sizes=\"auto, (max-width: 320px) 100vw, 320px\" \/><\/figure>\r\n\r\n\r\n\r\n<figure class=\"wp-block-image size-full\"><img loading=\"lazy\" decoding=\"async\" width=\"1100\" height=\"733\" data-id=\"1209\" src=\"https:\/\/pelosnails.com\/wp-content\/uploads\/2025\/01\/KERATINA_1200_K.jpg\" alt=\"Nuestra clienta luce espectacular despu\u00e9s de un tratamiento de keratina que dej\u00f3 su cabello suave, brillante y lleno de vida, acompa\u00f1ado de un peinado profesional que realza su belleza natural.  \u00a1T\u00fa tambi\u00e9n puedes disfrutar de este resultado de ensue\u00f1o! Reserva tu cita y atr\u00e9vete a deslumbrar.\" class=\"wp-image-1209\" srcset=\"https:\/\/pelosnails.com\/wp-content\/uploads\/2025\/01\/KERATINA_1200_K.jpg 1100w, https:\/\/pelosnails.com\/wp-content\/uploads\/2025\/01\/KERATINA_1200_K-300x200.jpg 300w, https:\/\/pelosnails.com\/wp-content\/uploads\/2025\/01\/KERATINA_1200_K-1024x682.jpg 1024w, https:\/\/pelosnails.com\/wp-content\/uploads\/2025\/01\/KERATINA_1200_K-768x512.jpg 768w, https:\/\/pelosnails.com\/wp-content\/uploads\/2025\/01\/KERATINA_1200_K-380x254.jpg 380w\" sizes=\"auto, (max-width: 1100px) 100vw, 1100px\" \/><\/figure>\r\n<\/figure>\r\n<\/div><\/div>\r\n<\/div>\r\n<\/div>\r\n\r\n\r\n\r\n<hr class=\"wp-block-separator has-alpha-channel-opacity wp_mar5\"\/>\r\n\r\n\r\n\r\n<p class=\"ex5 colormenutexcrem has-medium-font-size\" style=\"text-decoration:none\">Keratina<\/p>\r\n\r\n\r\n\r\n<hr class=\"wp-block-separator has-alpha-channel-opacity wp_mar5\"\/>\r\n\r\n\r\n\r\n<div class=\"wp-block-columns is-layout-flex wp-container-core-columns-is-layout-9d6595d7 wp-block-columns-is-layout-flex\">\r\n<div class=\"wp-block-column is-layout-flow wp-block-column-is-layout-flow\" style=\"flex-basis:33.33%\">\r\n<figure class=\"wp-block-gallery has-nested-images columns-default is-cropped wp-block-gallery-4 is-layout-flex wp-block-gallery-is-layout-flex\"><div class=\"wp-block-image\">\r\n<figure class=\"alignleft size-full\"><img loading=\"lazy\" decoding=\"async\" width=\"850\" height=\"566\" data-id=\"1211\" src=\"https:\/\/pelosnails.com\/wp-content\/uploads\/2025\/01\/PEINA850.jpg\" alt=\"Una mujer radiante luciendo un corte moderno y elegante,  para resaltar su belleza natural y su estilo \u00fanico, recortando puntas y trat\u00e1ndolo con keratina.\" class=\"wp-image-1211\" srcset=\"https:\/\/pelosnails.com\/wp-content\/uploads\/2025\/01\/PEINA850.jpg 850w, https:\/\/pelosnails.com\/wp-content\/uploads\/2025\/01\/PEINA850-300x200.jpg 300w, https:\/\/pelosnails.com\/wp-content\/uploads\/2025\/01\/PEINA850-768x511.jpg 768w, https:\/\/pelosnails.com\/wp-content\/uploads\/2025\/01\/PEINA850-380x254.jpg 380w\" sizes=\"auto, (max-width: 850px) 100vw, 850px\" \/><\/figure><\/div>\r\n\r\n\r\n<figure class=\"wp-block-image size-large\"><img loading=\"lazy\" decoding=\"async\" width=\"1000\" height=\"560\" data-id=\"317\" src=\"https:\/\/pelosnails.com\/wp-content\/uploads\/2018\/02\/keratina.jpg\" alt=\"Mujer rubia con melena larga tratada con keratina, mostrando un montaje comparativo del cabello antes y despu\u00e9s del tratamiento. El resultado destaca un peinado liso, brillante y libre de frizz, evidenciando la transformaci\u00f3n de un cabello opaco a uno saludable y sedoso, con un acabado profesional.\" class=\"wp-image-317\" srcset=\"https:\/\/pelosnails.com\/wp-content\/uploads\/2018\/02\/keratina.jpg 1000w, https:\/\/pelosnails.com\/wp-content\/uploads\/2018\/02\/keratina-300x168.jpg 300w, https:\/\/pelosnails.com\/wp-content\/uploads\/2018\/02\/keratina-768x430.jpg 768w\" sizes=\"auto, (max-width: 1000px) 100vw, 1000px\" \/><\/figure>\r\n\r\n\r\n\r\n<figure class=\"wp-block-image size-full\"><img loading=\"lazy\" decoding=\"async\" width=\"720\" height=\"480\" data-id=\"1204\" src=\"https:\/\/pelosnails.com\/wp-content\/uploads\/2025\/01\/KERAATINA720_K1.jpg\" alt=\"Mujer con melena larga tratada con keratina, luciendo un peinado elegante que resalta el brillo, la suavidad y la ca\u00edda natural de su cabello. La imagen refleja un cuidado profesional que garantiza un acabado liso y sedoso, ideal para quienes buscan transformar su estilo con resultados duraderos.\" class=\"wp-image-1204\" srcset=\"https:\/\/pelosnails.com\/wp-content\/uploads\/2025\/01\/KERAATINA720_K1.jpg 720w, https:\/\/pelosnails.com\/wp-content\/uploads\/2025\/01\/KERAATINA720_K1-300x200.jpg 300w, https:\/\/pelosnails.com\/wp-content\/uploads\/2025\/01\/KERAATINA720_K1-380x254.jpg 380w\" sizes=\"auto, (max-width: 720px) 100vw, 720px\" \/><\/figure>\r\n<\/figure>\r\n<\/div>\r\n\r\n\r\n\r\n<div class=\"wp-block-column is-layout-flow wp-block-column-is-layout-flow\" style=\"flex-basis:66.66%\">\r\n<p><span style=\"line-height: 1.679;\">La queratina y el col\u00e1geno, la soluci\u00f3n para definir el rizo y disminuir la rotura excesiva del cabello. la Pl\u00e1stica Capilar, con activos que reponen la queratina que ha sido perdida con el transcurso del tiempo, sellando las cut\u00edculas y reduciendo hasta el 30% del volumen. Su f\u00f3rmula restaura las puntas partidas, manteniendo el cabello alineado y definido sin la alteraci\u00f3n de la estructura natural del cabello. Los lisos quedan m\u00e1s lisos y los ondulados obtienen ondas perfectas.<\/span><\/p>\r\n<\/div>\r\n<\/div>\r\n\r\n\r\n\r\n<hr class=\"wp-block-separator has-alpha-channel-opacity wp_mar5\"\/>\r\n","protected":false},"excerpt":{"rendered":"<p>Cauterizaci\u00f3n Capilar Descubre la cauterizaci\u00f3n y dale a tu cabello el cuidado que se merece.La cauterizaci\u00f3n molecular es el tratamiento ideal para devolver la vitalidad, la fuerza y el brillo a tu cabello. En una palabra: regeneraci\u00f3n. Este innovador procedimiento trabaja desde el interior, sellando las cut\u00edculas y reparando las fibras capilares da\u00f1adas. Su principal&hellip;<\/p>\n<p class=\"more-link\"><a href=\"https:\/\/pelosnails.com\/index.php\/tratamientos\/\" class=\"themebutton2\">Leer m\u00e1s<\/a><\/p>\n","protected":false},"author":1,"featured_media":148,"parent":0,"menu_order":0,"comment_status":"closed","ping_status":"closed","template":"","meta":{"_uag_custom_page_level_css":"","advgb_blocks_editor_width":"","advgb_blocks_columns_visual_guide":"","footnotes":""},"class_list":["post-112","page","type-page","status-publish","has-post-thumbnail","hentry"],"uagb_featured_image_src":{"full":["https:\/\/pelosnails.com\/wp-content\/uploads\/2018\/02\/girl-dj-black-hair-hd-place-com-602628.jpg",2560,1600,false],"thumbnail":["https:\/\/pelosnails.com\/wp-content\/uploads\/2018\/02\/girl-dj-black-hair-hd-place-com-602628-150x150.jpg",150,150,true],"medium":["https:\/\/pelosnails.com\/wp-content\/uploads\/2018\/02\/girl-dj-black-hair-hd-place-com-602628-300x188.jpg",300,188,true],"medium_large":["https:\/\/pelosnails.com\/wp-content\/uploads\/2018\/02\/girl-dj-black-hair-hd-place-com-602628-768x480.jpg",768,480,true],"large":["https:\/\/pelosnails.com\/wp-content\/uploads\/2018\/02\/girl-dj-black-hair-hd-place-com-602628-1024x640.jpg",1024,640,true],"1536x1536":["https:\/\/pelosnails.com\/wp-content\/uploads\/2018\/02\/girl-dj-black-hair-hd-place-com-602628.jpg",1536,960,false],"2048x2048":["https:\/\/pelosnails.com\/wp-content\/uploads\/2018\/02\/girl-dj-black-hair-hd-place-com-602628.jpg",2048,1280,false],"consulting-thinkup-column1-1\/4":["https:\/\/pelosnails.com\/wp-content\/uploads\/2018\/02\/girl-dj-black-hair-hd-place-com-602628.jpg",456,285,false],"consulting-thinkup-column3-2\/3":["https:\/\/pelosnails.com\/wp-content\/uploads\/2018\/02\/girl-dj-black-hair-hd-place-com-602628.jpg",380,238,false]},"uagb_author_info":{"display_name":"pelosnails","author_link":"https:\/\/pelosnails.com\/index.php\/author\/pelosnails\/"},"uagb_comment_info":0,"uagb_excerpt":"Cauterizaci\u00f3n Capilar Descubre la cauterizaci\u00f3n y dale a tu cabello el cuidado que se merece.La cauterizaci\u00f3n molecular es el tratamiento ideal para devolver la vitalidad, la fuerza y el brillo a tu cabello. En una palabra: regeneraci\u00f3n. Este innovador procedimiento trabaja desde el interior, sellando las cut\u00edculas y reparando las fibras capilares da\u00f1adas. Su principal&hellip;Leer&hellip;","coauthors":[],"author_meta":{"author_link":"https:\/\/pelosnails.com\/index.php\/author\/pelosnails\/","display_name":"pelosnails"},"relative_dates":{"created":"Publicado 8 a\u00f1os hace","modified":"Actualizado 1 a\u00f1o hace"},"absolute_dates":{"created":"Publicado el 15 febrero, 2018","modified":"Actualizado el 19 enero, 2025"},"absolute_dates_time":{"created":"Publicado el 15 febrero, 2018 4:14 pm","modified":"Actualizado el 19 enero, 2025 11:43 am"},"featured_img_caption":"","featured_img":"https:\/\/pelosnails.com\/wp-content\/uploads\/2018\/02\/girl-dj-black-hair-hd-place-com-602628.jpg","series_order":"","_links":{"self":[{"href":"https:\/\/pelosnails.com\/index.php\/wp-json\/wp\/v2\/pages\/112","targetHints":{"allow":["GET"]}}],"collection":[{"href":"https:\/\/pelosnails.com\/index.php\/wp-json\/wp\/v2\/pages"}],"about":[{"href":"https:\/\/pelosnails.com\/index.php\/wp-json\/wp\/v2\/types\/page"}],"author":[{"embeddable":true,"href":"https:\/\/pelosnails.com\/index.php\/wp-json\/wp\/v2\/users\/1"}],"replies":[{"embeddable":true,"href":"https:\/\/pelosnails.com\/index.php\/wp-json\/wp\/v2\/comments?post=112"}],"version-history":[{"count":115,"href":"https:\/\/pelosnails.com\/index.php\/wp-json\/wp\/v2\/pages\/112\/revisions"}],"predecessor-version":[{"id":2204,"href":"https:\/\/pelosnails.com\/index.php\/wp-json\/wp\/v2\/pages\/112\/revisions\/2204"}],"wp:featuredmedia":[{"embeddable":true,"href":"https:\/\/pelosnails.com\/index.php\/wp-json\/wp\/v2\/media\/148"}],"wp:attachment":[{"href":"https:\/\/pelosnails.com\/index.php\/wp-json\/wp\/v2\/media?parent=112"}],"curies":[{"name":"wp","href":"https:\/\/api.w.org\/{rel}","templated":true}]}}