{"id":13,"date":"2018-02-11T17:21:37","date_gmt":"2018-02-11T17:21:37","guid":{"rendered":"http:\/\/www.pelosnails.com\/?page_id=13"},"modified":"2025-02-02T13:35:36","modified_gmt":"2025-02-02T13:35:36","slug":"peluqueria","status":"publish","type":"page","link":"https:\/\/pelosnails.com\/index.php\/peluqueria\/","title":{"rendered":"Peluquer\u00eda"},"content":{"rendered":"\n<hr class=\"wp-block-separator has-alpha-channel-opacity wp_mar5\"\/>\n\n\n\n<p class=\"ex5 colormenutexcrem has-medium-font-size\" style=\"text-decoration:none\">Corte y Peinado<\/p>\n\n\n\n<hr class=\"wp-block-separator has-alpha-channel-opacity wp_mar5\"\/>\n\n\n\n<div class=\"wp-block-group is-layout-grid wp-container-core-group-is-layout-da7a6a80 wp-block-group-is-layout-grid\">\n<p style=\"text-align: justify;\"><span style=\"line-height: 1.679;\">\u00a1Renueva tu estilo con nuestros servicios de corte y peinado! Nuestros estilistas expertos crear\u00e1n un corte que resalte tus rasgos y se adapte a tu personalidad. Ya sea un estilo moderno o cl\u00e1sico, tenemos la opci\u00f3n perfecta para ti. Tambi\u00e9n te ofrecemos peinados para cualquier ocasi\u00f3n, desde lo m\u00e1s sencillo hasta lo m\u00e1s elaborado. Con t\u00e9cnicas avanzadas y productos de alta calidad, garantizamos que tu cabello luzca impecable todo el d\u00eda. \u00a1Vis\u00edtanos y transforma tu estilo con un corte y peinado que te haga sentir incre\u00edble!<\/span><\/p>\n\n\n\n<figure class=\"wp-block-gallery has-nested-images columns-default is-cropped wp-block-gallery-1 is-layout-flex wp-block-gallery-is-layout-flex\">\n<figure class=\"wp-block-image size-medium\"><img loading=\"lazy\" decoding=\"async\" width=\"200\" height=\"300\" data-id=\"1051\" src=\"https:\/\/pelosnails.com\/wp-content\/uploads\/2025\/01\/peinado__600-200x300.jpg\" alt=\"Joven morena luciendo un peinado impresionante con ondas suaves y una coloraci\u00f3n de cabello profesional, en tonos vibrantes que resaltan su estilo. La imagen transmite elegancia y cuidado en los detalles, ideal para inspirar a quienes buscan transformar su look con resultados espectaculares. Pelos&amp;Nails Peluquer\u00eda\" class=\"wp-image-1051\" srcset=\"https:\/\/pelosnails.com\/wp-content\/uploads\/2025\/01\/peinado__600-200x300.jpg 200w, https:\/\/pelosnails.com\/wp-content\/uploads\/2025\/01\/peinado__600.jpg 600w\" sizes=\"auto, (max-width: 200px) 100vw, 200px\" \/><\/figure>\n\n\n\n<figure class=\"wp-block-image size-large\"><img loading=\"lazy\" decoding=\"async\" width=\"683\" height=\"1024\" data-id=\"1050\" src=\"https:\/\/pelosnails.com\/wp-content\/uploads\/2025\/01\/peinado_2_700-683x1024.jpg\" alt=\"Chica rubia con un peinado elegante y moderno, cabello arreglado en ondas suaves, y labios pintados de rojo, mostrando un estilo sofisticado ideal para ocasiones especiales.\" class=\"wp-image-1050\" srcset=\"https:\/\/pelosnails.com\/wp-content\/uploads\/2025\/01\/peinado_2_700-683x1024.jpg 683w, https:\/\/pelosnails.com\/wp-content\/uploads\/2025\/01\/peinado_2_700-200x300.jpg 200w, https:\/\/pelosnails.com\/wp-content\/uploads\/2025\/01\/peinado_2_700.jpg 700w\" sizes=\"auto, (max-width: 683px) 100vw, 683px\" \/><\/figure>\n\n\n\n<figure class=\"wp-block-image size-large\"><img loading=\"lazy\" decoding=\"async\" width=\"683\" height=\"1024\" data-id=\"1052\" src=\"https:\/\/pelosnails.com\/wp-content\/uploads\/2025\/01\/peinado750-683x1024.jpg\" alt=\"Joven mujer de cabello casta\u00f1o profundo, estilizada con un peinado exquisito que realza la textura y el brillo de su melena. Su coloraci\u00f3n de tonos c\u00e1lidos y perfectamente difuminados refleja un trabajo art\u00edstico y meticuloso, evocando sofisticaci\u00f3n, modernidad y buen gusto.\" class=\"wp-image-1052\" srcset=\"https:\/\/pelosnails.com\/wp-content\/uploads\/2025\/01\/peinado750-683x1024.jpg 683w, https:\/\/pelosnails.com\/wp-content\/uploads\/2025\/01\/peinado750-200x300.jpg 200w, https:\/\/pelosnails.com\/wp-content\/uploads\/2025\/01\/peinado750.jpg 750w\" sizes=\"auto, (max-width: 683px) 100vw, 683px\" \/><\/figure>\n<\/figure>\n<\/div>\n\n\n\n<hr class=\"wp-block-separator has-alpha-channel-opacity wp_mar5\"\/>\n\n\n\n<p class=\"ex5 colormenutexcrem has-medium-font-size\" style=\"text-decoration:none\">Mechas<\/p>\n\n\n\n<hr class=\"wp-block-separator has-alpha-channel-opacity wp_mar5\"\/>\n\n\n\n<div class=\"wp-block-media-text is-stacked-on-mobile is-vertically-aligned-top\" style=\"grid-template-columns:45% auto\"><figure class=\"wp-block-media-text__media\"><img loading=\"lazy\" decoding=\"async\" width=\"1005\" height=\"910\" src=\"https:\/\/pelosnails.com\/wp-content\/uploads\/2025\/01\/MECHAS1005.jpg\" alt=\"Tres mujeres luciendo mechas espectaculares, con estilos personalizados que destacan su elegancia y personalidad \u00fanica. Pelos&amp;Nails\" class=\"wp-image-1202 size-full\" srcset=\"https:\/\/pelosnails.com\/wp-content\/uploads\/2025\/01\/MECHAS1005.jpg 1005w, https:\/\/pelosnails.com\/wp-content\/uploads\/2025\/01\/MECHAS1005-300x272.jpg 300w, https:\/\/pelosnails.com\/wp-content\/uploads\/2025\/01\/MECHAS1005-768x695.jpg 768w\" sizes=\"auto, (max-width: 1005px) 100vw, 1005px\" \/><\/figure><div class=\"wp-block-media-text__content\">\n<p style=\"text-align: justify;\"><span style=\"line-height: 1.679;\">Renueva tu estilo con nuestros servicios de mechas, dise\u00f1ados para aportar luminosidad y dimensi\u00f3n a tu cabello. Ya sea un toque natural o un cambio audaz, nuestros estilistas expertos te garantizar\u00e1n un resultado perfecto.<\/span><\/p>\n\n\n\n<p style=\"text-align: justify;\"><span style=\"line-height: 1.679;\">Usamos t\u00e9cnicas avanzadas y productos de calidad para asegurar un acabado duradero y brillante. \u00a1Ven y transforma tu look con unas mechas que resalten tu belleza de manera \u00fanica!<\/span><\/p>\n<\/div><\/div>\n\n\n\n<hr class=\"wp-block-separator has-alpha-channel-opacity wp_mar5\"\/>\n\n\n\n<p class=\"ex5 colormenutexcrem has-medium-font-size\" style=\"text-decoration:none\">Color<\/p>\n\n\n\n<hr class=\"wp-block-separator has-alpha-channel-opacity wp_mar5\"\/>\n\n\n\n<div class=\"wp-block-group\"><div class=\"wp-block-group__inner-container is-layout-constrained wp-block-group-is-layout-constrained\">\n<div class=\"wp-block-uagb-container uagb-block-6d8dba3a alignfull uagb-is-root-container\"><div class=\"uagb-container-inner-blocks-wrap\">\n<div class=\"wp-block-columns is-layout-flex wp-container-core-columns-is-layout-9d6595d7 wp-block-columns-is-layout-flex\">\n<div class=\"wp-block-column is-layout-flow wp-block-column-is-layout-flow\" style=\"flex-basis:50%\">\n<p> <span style=\"line-height: 1.679;\">Somos aut\u00e9nticos especialistas en color. Cambia el color de tu pelo por completo o cubre tus canas con los mejores tintes del mercado.- Cambio de Color (cualquier color que imagines)- Color Ra\u00edz (Mant\u00e9n tu coloraci\u00f3n y elimina la diferencia de color de la antiest\u00e9tica ra\u00edz)-Glossing (Un tratamiento con el que t\u00fa cabello recupera su brillo)<br>\u2013 Ba\u00f1o Color&nbsp; (La mejor opci\u00f3n si lo que quieres es cambiar de color de pelo siendo&nbsp;&nbsp;m\u00e1s respetuoso con tu cabello.<br>-Color Fantas\u00eda (para que tu elijas el color que mejor te define)<\/span><\/p>\n<\/div>\n\n\n\n<div class=\"wp-block-column is-layout-flow wp-block-column-is-layout-flow\" style=\"flex-basis:50%\">\t\t\t\t\t<div\n\t\t\t\t\t\tclass=\"wp-block-uagb-image-gallery uagb-block-6e97ad84     \"\n\t\t\t\t\t\tstyle=\"\"\n\t\t\t\t\t>\n\t\t\t\t\t\t\t\t\t\t\t<div class=\"spectra-image-gallery spectra-image-gallery__layout--carousel\">\n\t\t\t\t\t\t\t\t<div class=\"uagb-slick-carousel uagb-block-6e97ad84\">\n\t\t\t\t\t\t\t\t\t\t\t\t<div class='spectra-image-gallery__media-wrapper' data-spectra-gallery-image-id='2302'>\n\t\t\t\t\t\t\t<div class=\"spectra-image-gallery__media spectra-image-gallery__media--carousel\">\n\t\t\t\t<picture>\n\t\t\t\t\t<source media=\"(min-width: 1024px)\" srcset=\"https:\/\/pelosnails.com\/wp-content\/uploads\/2025\/01\/mechas_1920-1021x1024.jpg\">\n\t\t\t\t\t<source media=\"(min-width: 768px)\" srcset=\"https:\/\/pelosnails.com\/wp-content\/uploads\/2025\/01\/mechas_1920-1021x1024.jpg\">\n\t\t\t\t\t<img decoding=\"async\" class=\"spectra-image-gallery__media-thumbnail spectra-image-gallery__media-thumbnail--carousel\" src=\"https:\/\/pelosnails.com\/wp-content\/uploads\/2025\/01\/mechas_1920-300x300.jpg\" alt=\"Mujer joven mostrando un peinado pelo corto con un agradable colorido ofrecido por unas espectaculares mechas.\" loading=\"lazy\" \/>\n\t\t\t\t<\/picture>\n\t\t\t\t<div class=\"spectra-image-gallery__media-thumbnail-blurrer\"><\/div>\n\t\t\t\t\t\t\t\t\t\t\t<div class=\"spectra-image-gallery__media-thumbnail-caption-wrapper spectra-image-gallery__media-thumbnail-caption-wrapper--overlay\"><\/div>\n\t\t\t\t\t\t\t\t<\/div>\n\t\t\t\t\t\t<\/div>\n\t\t\t\t\t\t<div class='spectra-image-gallery__media-wrapper' data-spectra-gallery-image-id='200'>\n\t\t\t\t\t\t\t<div class=\"spectra-image-gallery__media spectra-image-gallery__media--carousel\">\n\t\t\t\t<picture>\n\t\t\t\t\t<source media=\"(min-width: 1024px)\" srcset=\"https:\/\/pelosnails.com\/wp-content\/uploads\/2018\/02\/tinte2-1024x1024.jpg\">\n\t\t\t\t\t<source media=\"(min-width: 768px)\" srcset=\"https:\/\/pelosnails.com\/wp-content\/uploads\/2018\/02\/tinte2-1024x1024.jpg\">\n\t\t\t\t\t<img decoding=\"async\" class=\"spectra-image-gallery__media-thumbnail spectra-image-gallery__media-thumbnail--carousel\" src=\"https:\/\/pelosnails.com\/wp-content\/uploads\/2018\/02\/tinte2-300x300.jpg\" alt=\"Chica con cabello reci\u00e9n te\u00f1ido y utensilios de coloraci\u00f3n como pinceles y cuencos pinzas, capas, guantes, mostrando un look vibrante y profesional. Peluquer\u00eda Pelos&amp;Nails en Monforte de Lemos\" loading=\"lazy\" \/>\n\t\t\t\t<\/picture>\n\t\t\t\t<div class=\"spectra-image-gallery__media-thumbnail-blurrer\"><\/div>\n\t\t\t\t\t\t\t\t\t\t\t<div class=\"spectra-image-gallery__media-thumbnail-caption-wrapper spectra-image-gallery__media-thumbnail-caption-wrapper--overlay\"><\/div>\n\t\t\t\t\t\t\t\t<\/div>\n\t\t\t\t\t\t<\/div>\n\t\t\t\t\t\t<div class='spectra-image-gallery__media-wrapper' data-spectra-gallery-image-id='2281'>\n\t\t\t\t\t\t\t<div class=\"spectra-image-gallery__media spectra-image-gallery__media--carousel\">\n\t\t\t\t<picture>\n\t\t\t\t\t<source media=\"(min-width: 1024px)\" srcset=\"https:\/\/pelosnails.com\/wp-content\/uploads\/2025\/01\/portadrojo_1920-683x1024.jpg\">\n\t\t\t\t\t<source media=\"(min-width: 768px)\" srcset=\"https:\/\/pelosnails.com\/wp-content\/uploads\/2025\/01\/portadrojo_1920-683x1024.jpg\">\n\t\t\t\t\t<img decoding=\"async\" class=\"spectra-image-gallery__media-thumbnail spectra-image-gallery__media-thumbnail--carousel\" src=\"https:\/\/pelosnails.com\/wp-content\/uploads\/2025\/01\/portadrojo_1920-200x300.jpg\" alt=\"Mujer de pelo rojo adornada con un collar, capturada en un momento de calma y elegancia.\" loading=\"lazy\" \/>\n\t\t\t\t<\/picture>\n\t\t\t\t<div class=\"spectra-image-gallery__media-thumbnail-blurrer\"><\/div>\n\t\t\t\t\t\t\t\t\t\t\t<div class=\"spectra-image-gallery__media-thumbnail-caption-wrapper spectra-image-gallery__media-thumbnail-caption-wrapper--overlay\"><\/div>\n\t\t\t\t\t\t\t\t<\/div>\n\t\t\t\t\t\t<\/div>\n\t\t\t\t\t\t\t\t\t\t\t<\/div>\n\t\t\t\t\t\t\t<\/div>\n\t\t\t\t\t\t\t\t\t\t\t<\/div>\n\t\t\t\t\t\t\t\t\t<\/div>\n<\/div>\n<\/div><\/div>\n<\/div><\/div>\n\n\n\n<hr class=\"wp-block-separator has-alpha-channel-opacity wp_mar5\"\/>\n","protected":false},"excerpt":{"rendered":"<p>Corte y Peinado \u00a1Renueva tu estilo con nuestros servicios de corte y peinado! Nuestros estilistas expertos crear\u00e1n un corte que resalte tus rasgos y se adapte a tu personalidad. Ya sea un estilo moderno o cl\u00e1sico, tenemos la opci\u00f3n perfecta para ti. Tambi\u00e9n te ofrecemos peinados para cualquier ocasi\u00f3n, desde lo m\u00e1s sencillo hasta lo&hellip;<\/p>\n<p class=\"more-link\"><a href=\"https:\/\/pelosnails.com\/index.php\/peluqueria\/\" class=\"themebutton2\">Leer m\u00e1s<\/a><\/p>\n","protected":false},"author":1,"featured_media":144,"parent":0,"menu_order":0,"comment_status":"closed","ping_status":"closed","template":"","meta":{"_uag_custom_page_level_css":"","advgb_blocks_editor_width":"","advgb_blocks_columns_visual_guide":"","footnotes":""},"class_list":["post-13","page","type-page","status-publish","has-post-thumbnail","hentry"],"uagb_featured_image_src":{"full":["https:\/\/pelosnails.com\/wp-content\/uploads\/2018\/02\/Pelo-corto-para-mujeres.jpg",640,425,false],"thumbnail":["https:\/\/pelosnails.com\/wp-content\/uploads\/2018\/02\/Pelo-corto-para-mujeres-150x150.jpg",150,150,true],"medium":["https:\/\/pelosnails.com\/wp-content\/uploads\/2018\/02\/Pelo-corto-para-mujeres-300x199.jpg",300,199,true],"medium_large":["https:\/\/pelosnails.com\/wp-content\/uploads\/2018\/02\/Pelo-corto-para-mujeres.jpg",640,425,false],"large":["https:\/\/pelosnails.com\/wp-content\/uploads\/2018\/02\/Pelo-corto-para-mujeres.jpg",640,425,false],"1536x1536":["https:\/\/pelosnails.com\/wp-content\/uploads\/2018\/02\/Pelo-corto-para-mujeres.jpg",640,425,false],"2048x2048":["https:\/\/pelosnails.com\/wp-content\/uploads\/2018\/02\/Pelo-corto-para-mujeres.jpg",640,425,false],"consulting-thinkup-column1-1\/4":["https:\/\/pelosnails.com\/wp-content\/uploads\/2018\/02\/Pelo-corto-para-mujeres.jpg",429,285,false],"consulting-thinkup-column3-2\/3":["https:\/\/pelosnails.com\/wp-content\/uploads\/2018\/02\/Pelo-corto-para-mujeres.jpg",380,252,false]},"uagb_author_info":{"display_name":"pelosnails","author_link":"https:\/\/pelosnails.com\/index.php\/author\/pelosnails\/"},"uagb_comment_info":0,"uagb_excerpt":"Corte y Peinado \u00a1Renueva tu estilo con nuestros servicios de corte y peinado! Nuestros estilistas expertos crear\u00e1n un corte que resalte tus rasgos y se adapte a tu personalidad. Ya sea un estilo moderno o cl\u00e1sico, tenemos la opci\u00f3n perfecta para ti. Tambi\u00e9n te ofrecemos peinados para cualquier ocasi\u00f3n, desde lo m\u00e1s sencillo hasta lo&hellip;Leer&hellip;","coauthors":[],"author_meta":{"author_link":"https:\/\/pelosnails.com\/index.php\/author\/pelosnails\/","display_name":"pelosnails"},"relative_dates":{"created":"Publicado 8 a\u00f1os hace","modified":"Actualizado 1 a\u00f1o hace"},"absolute_dates":{"created":"Publicado el 11 febrero, 2018","modified":"Actualizado el 2 febrero, 2025"},"absolute_dates_time":{"created":"Publicado el 11 febrero, 2018 5:21 pm","modified":"Actualizado el 2 febrero, 2025 1:35 pm"},"featured_img_caption":"","featured_img":"https:\/\/pelosnails.com\/wp-content\/uploads\/2018\/02\/Pelo-corto-para-mujeres.jpg","series_order":"","_links":{"self":[{"href":"https:\/\/pelosnails.com\/index.php\/wp-json\/wp\/v2\/pages\/13","targetHints":{"allow":["GET"]}}],"collection":[{"href":"https:\/\/pelosnails.com\/index.php\/wp-json\/wp\/v2\/pages"}],"about":[{"href":"https:\/\/pelosnails.com\/index.php\/wp-json\/wp\/v2\/types\/page"}],"author":[{"embeddable":true,"href":"https:\/\/pelosnails.com\/index.php\/wp-json\/wp\/v2\/users\/1"}],"replies":[{"embeddable":true,"href":"https:\/\/pelosnails.com\/index.php\/wp-json\/wp\/v2\/comments?post=13"}],"version-history":[{"count":95,"href":"https:\/\/pelosnails.com\/index.php\/wp-json\/wp\/v2\/pages\/13\/revisions"}],"predecessor-version":[{"id":2482,"href":"https:\/\/pelosnails.com\/index.php\/wp-json\/wp\/v2\/pages\/13\/revisions\/2482"}],"wp:featuredmedia":[{"embeddable":true,"href":"https:\/\/pelosnails.com\/index.php\/wp-json\/wp\/v2\/media\/144"}],"wp:attachment":[{"href":"https:\/\/pelosnails.com\/index.php\/wp-json\/wp\/v2\/media?parent=13"}],"curies":[{"name":"wp","href":"https:\/\/api.w.org\/{rel}","templated":true}]}}